{"id":60,"date":"2021-02-13T12:10:08","date_gmt":"2021-02-13T12:10:08","guid":{"rendered":"http:\/\/maarifkongresi.com\/v1\/?page_id=60"},"modified":"2021-04-15T11:04:11","modified_gmt":"2021-04-15T11:04:11","slug":"bildiri-gonderme","status":"publish","type":"page","link":"https:\/\/maarifkongresi.com\/v1\/bildiri-gonderme\/","title":{"rendered":"Bildiri G\u00f6nderme"},"content":{"rendered":"<p style=\"font-weight: 400;\">T\u00fcrk E\u011fitim-Sen olarak Ayn\u0131 ruh ve heyecanla 13-18 Temmuz 2021 tarihleri aras\u0131nda 100. y\u0131l\u0131nda d\u00fczenleyece\u011fimiz bilimsel toplant\u0131 ile yeniden bir e\u011fitim me\u015falesi yak\u0131lmas\u0131n\u0131 ama\u00e7l\u0131yoruz.<\/p>\n<p>II. Maarif Kongresine bildiri g\u00f6ndermek i\u00e7in l\u00fctfen <a href=\"http:\/\/maarifkongre.sistemi.biz.tr\/login.aspx\">t\u0131klay\u0131n\u0131z<\/a><\/p>\n<p>II. Maarif Kongresinde d\u00fczenlenecek olan sergiye kat\u0131lmak i\u00e7in l\u00fctfen <a href=\"http:\/\/maarifkongre.sistemi.biz.tr\/login.aspx\">t\u0131klay\u0131n\u0131z<\/a><\/p>\n","protected":false},"excerpt":{"rendered":"<p>T\u00fcrk E\u011fitim-Sen olarak Ayn\u0131 ruh ve heyecanla 13-18 Temmuz 2021 tarihleri aras\u0131nda 100. y\u0131l\u0131nda d\u00fczenleyece\u011fimiz bilimsel toplant\u0131 ile yeniden bir e\u011fitim me\u015falesi yak\u0131lmas\u0131n\u0131 ama\u00e7l\u0131yoruz. II. Maarif Kongresine bildiri g\u00f6ndermek i\u00e7in l\u00fctfen t\u0131klay\u0131n\u0131z II. Maarif Kongresinde d\u00fczenlenecek olan sergiye kat\u0131lmak i\u00e7in l\u00fctfen t\u0131klay\u0131n\u0131z<\/p>\n","protected":false},"author":1,"featured_media":0,"parent":0,"menu_order":0,"comment_status":"closed","ping_status":"closed","template":"","meta":[],"_links":{"self":[{"href":"https:\/\/maarifkongresi.com\/v1\/wp-json\/wp\/v2\/pages\/60"}],"collection":[{"href":"https:\/\/maarifkongresi.com\/v1\/wp-json\/wp\/v2\/pages"}],"about":[{"href":"https:\/\/maarifkongresi.com\/v1\/wp-json\/wp\/v2\/types\/page"}],"author":[{"embeddable":true,"href":"https:\/\/maarifkongresi.com\/v1\/wp-json\/wp\/v2\/users\/1"}],"replies":[{"embeddable":true,"href":"https:\/\/maarifkongresi.com\/v1\/wp-json\/wp\/v2\/comments?post=60"}],"version-history":[{"count":3,"href":"https:\/\/maarifkongresi.com\/v1\/wp-json\/wp\/v2\/pages\/60\/revisions"}],"predecessor-version":[{"id":121,"href":"https:\/\/maarifkongresi.com\/v1\/wp-json\/wp\/v2\/pages\/60\/revisions\/121"}],"wp:attachment":[{"href":"https:\/\/maarifkongresi.com\/v1\/wp-json\/wp\/v2\/media?parent=60"}],"curies":[{"name":"wp","href":"https:\/\/api.w.org\/{rel}","templated":true}]}}